{"id":242406,"date":"2019-02-14T17:33:02","date_gmt":"2019-02-14T16:33:02","guid":{"rendered":"https:\/\/nueva.ledsolintel.com\/product\/lampara-de-sobremesa-le-vita-de-faro-barcelona\/"},"modified":"2019-02-14T17:33:02","modified_gmt":"2019-02-14T16:33:02","slug":"lampara-de-sobremesa-le-vita-de-faro-barcelona","status":"publish","type":"product","link":"https:\/\/ledsolintel.com\/fr\/produit-2\/lampara-de-sobremesa-le-vita-de-faro-barcelona\/","title":{"rendered":"Lampe de table LE VITA par Faro Barcelona"},"content":{"rendered":"<h1>Lampe de table Le Vita par Faro Barcelona<\/h1>\n<p>\u00a0<\/p>\n<ul>\n<li>Mat\u00e9riau : Aluminium, diffuseur en verre opale<\/li>\n<li>Conception : Nathrang<\/li>\n<li>Puissance : 6 W<\/li>\n<li>Tension : 100-240 V \/ 50-60 Hz<\/li>\n<li>Temp\u00e9rature de couleur : blanc chaud 2700 K<\/li>\n<li>Luminosit\u00e9 : 570 lumens<\/li>\n<li>Protection IP20<\/li>\n<li>Dimensions (mm) :\u00a0<\/li>\n<ul>\n<li>Longueur : 150<\/li>\n<li>Largeur : 200<\/li>\n<li>Hauteur : 580<\/li>\n<\/ul>\n<li>Poids : 1,35 kg<\/li>\n<\/ul>","protected":false},"excerpt":{"rendered":"<p>Lampe de table Le Vita par Faro Barcelona. Design d\u00e9licat de Nathrang combinant des lignes et des sph\u00e8res dans des tons blancs et dor\u00e9s. Lumi\u00e8re chaude avec diffuseur pour un \u00e9clairage doux.<\/p>","protected":false},"featured_media":242402,"template":"","meta":[],"product_brand":[99359],"product_cat":[99573,99649],"product_tag":[],"class_list":{"0":"post-242406","1":"product","2":"type-product","3":"status-publish","4":"has-post-thumbnail","6":"product_brand-faro-barcelona","7":"product_cat-iluminacion-interior","8":"product_cat-lamparas-de-mesa-y-flexos","9":"pa_acabado-negro","10":"pa_acabado-oro","13":"instock","14":"taxable","15":"shipping-taxable","16":"purchasable","17":"product-type-variable","18":"has-default-attributes"},"yoast_head":"<!-- This site is optimized with the Yoast SEO plugin v27.4 - https:\/\/yoast.com\/product\/yoast-seo-wordpress\/ -->\n<title>L\u00e1mpara de sobremesa LE VITA de Faro Barcelona<\/title>\n<meta name=\"description\" content=\"L\u00e1mpara de mesa Le Vita de Faro Barcelona. Delicado dise\u00f1o de Nathrang que combina las l\u00edneas y las esferas en tonos blancos y dorados. Luz c\u00e1lida con difusor\" \/>\n<meta name=\"robots\" content=\"index, follow, max-snippet:-1, max-image-preview:large, max-video-preview:-1\" \/>\n<link rel=\"canonical\" href=\"https:\/\/ledsolintel.com\/fr\/produit-2\/lampara-de-sobremesa-le-vita-de-faro-barcelona\/\" \/>\n<meta property=\"og:locale\" content=\"fr_FR\" \/>\n<meta property=\"og:type\" content=\"article\" \/>\n<meta property=\"og:title\" content=\"L\u00e1mpara de sobremesa LE VITA de Faro Barcelona\" \/>\n<meta property=\"og:description\" content=\"L\u00e1mpara de mesa Le Vita de Faro Barcelona. Delicado dise\u00f1o de Nathrang que combina las l\u00edneas y las esferas en tonos blancos y dorados. Luz c\u00e1lida con difusor\" \/>\n<meta property=\"og:url\" content=\"https:\/\/ledsolintel.com\/fr\/produit-2\/lampara-de-sobremesa-le-vita-de-faro-barcelona\/\" \/>\n<meta property=\"og:site_name\" content=\"Ledsolintel\" \/>\n<meta property=\"article:publisher\" content=\"http:\/\/www.facebook.com\/webmenaje\" \/>\n<meta property=\"og:image\" content=\"https:\/\/ledsolintel.com\/wp-content\/uploads\/2019\/02\/9266-Lampara-de-sobremesa-LE-VITA-de-Faro-Barcelona.jpg\" \/>\n\t<meta property=\"og:image:width\" content=\"1\" \/>\n\t<meta property=\"og:image:height\" content=\"1\" \/>\n\t<meta property=\"og:image:type\" content=\"image\/jpeg\" \/>\n<meta name=\"twitter:card\" content=\"summary_large_image\" \/>\n<meta name=\"twitter:site\" content=\"@webmenaje\" \/>\n<script type=\"application\/ld+json\" class=\"yoast-schema-graph\">{\"@context\":\"https:\\\/\\\/schema.org\",\"@graph\":[{\"@type\":\"WebPage\",\"@id\":\"https:\\\/\\\/ledsolintel.com\\\/fr\\\/product\\\/lampara-de-sobremesa-le-vita-de-faro-barcelona\\\/\",\"url\":\"https:\\\/\\\/ledsolintel.com\\\/fr\\\/product\\\/lampara-de-sobremesa-le-vita-de-faro-barcelona\\\/\",\"name\":\"L\u00e1mpara de sobremesa LE VITA de Faro Barcelona\",\"isPartOf\":{\"@id\":\"https:\\\/\\\/ledsolintel.com\\\/#website\"},\"primaryImageOfPage\":{\"@id\":\"https:\\\/\\\/ledsolintel.com\\\/fr\\\/product\\\/lampara-de-sobremesa-le-vita-de-faro-barcelona\\\/#primaryimage\"},\"image\":{\"@id\":\"https:\\\/\\\/ledsolintel.com\\\/fr\\\/product\\\/lampara-de-sobremesa-le-vita-de-faro-barcelona\\\/#primaryimage\"},\"thumbnailUrl\":\"https:\\\/\\\/ledsolintel.com\\\/wp-content\\\/uploads\\\/2019\\\/02\\\/9266-Lampara-de-sobremesa-LE-VITA-de-Faro-Barcelona.jpg\",\"datePublished\":\"2019-02-14T16:33:02+00:00\",\"description\":\"L\u00e1mpara de mesa Le Vita de Faro Barcelona. Delicado dise\u00f1o de Nathrang que combina las l\u00edneas y las esferas en tonos blancos y dorados. Luz c\u00e1lida con difusor\",\"breadcrumb\":{\"@id\":\"https:\\\/\\\/ledsolintel.com\\\/fr\\\/product\\\/lampara-de-sobremesa-le-vita-de-faro-barcelona\\\/#breadcrumb\"},\"inLanguage\":\"fr-FR\",\"potentialAction\":[{\"@type\":\"ReadAction\",\"target\":[\"https:\\\/\\\/ledsolintel.com\\\/fr\\\/product\\\/lampara-de-sobremesa-le-vita-de-faro-barcelona\\\/\"]}]},{\"@type\":\"ImageObject\",\"inLanguage\":\"fr-FR\",\"@id\":\"https:\\\/\\\/ledsolintel.com\\\/fr\\\/product\\\/lampara-de-sobremesa-le-vita-de-faro-barcelona\\\/#primaryimage\",\"url\":\"https:\\\/\\\/ledsolintel.com\\\/wp-content\\\/uploads\\\/2019\\\/02\\\/9266-Lampara-de-sobremesa-LE-VITA-de-Faro-Barcelona.jpg\",\"contentUrl\":\"https:\\\/\\\/ledsolintel.com\\\/wp-content\\\/uploads\\\/2019\\\/02\\\/9266-Lampara-de-sobremesa-LE-VITA-de-Faro-Barcelona.jpg\",\"caption\":\"L\u00e1mpara de sobremesa LE VITA de Faro Barcelona\"},{\"@type\":\"BreadcrumbList\",\"@id\":\"https:\\\/\\\/ledsolintel.com\\\/fr\\\/product\\\/lampara-de-sobremesa-le-vita-de-faro-barcelona\\\/#breadcrumb\",\"itemListElement\":[{\"@type\":\"ListItem\",\"position\":1,\"name\":\"Portada\",\"item\":\"https:\\\/\\\/ledsolintel.com\\\/fr\\\/\"},{\"@type\":\"ListItem\",\"position\":2,\"name\":\"Tienda\",\"item\":\"https:\\\/\\\/ledsolintel.com\\\/tienda\\\/\"},{\"@type\":\"ListItem\",\"position\":3,\"name\":\"L\u00e1mpara de sobremesa LE VITA de Faro Barcelona\"}]},{\"@type\":\"WebSite\",\"@id\":\"https:\\\/\\\/ledsolintel.com\\\/#website\",\"url\":\"https:\\\/\\\/ledsolintel.com\\\/\",\"name\":\"Webmenaje\",\"description\":\"Tienda de bombillas y l\u00e1mparas LED para profesionales\",\"publisher\":{\"@id\":\"https:\\\/\\\/ledsolintel.com\\\/#organization\"},\"potentialAction\":[{\"@type\":\"SearchAction\",\"target\":{\"@type\":\"EntryPoint\",\"urlTemplate\":\"https:\\\/\\\/ledsolintel.com\\\/?s={search_term_string}\"},\"query-input\":{\"@type\":\"PropertyValueSpecification\",\"valueRequired\":true,\"valueName\":\"search_term_string\"}}],\"inLanguage\":\"fr-FR\"},{\"@type\":\"Organization\",\"@id\":\"https:\\\/\\\/ledsolintel.com\\\/#organization\",\"name\":\"Solintel Noroeste, S.L.\",\"url\":\"https:\\\/\\\/ledsolintel.com\\\/\",\"logo\":{\"@type\":\"ImageObject\",\"inLanguage\":\"fr-FR\",\"@id\":\"https:\\\/\\\/ledsolintel.com\\\/#\\\/schema\\\/logo\\\/image\\\/\",\"url\":\"https:\\\/\\\/ledsolintel.com\\\/wp-content\\\/uploads\\\/2024\\\/11\\\/webmenaje-logo-1508269066.jpg\",\"contentUrl\":\"https:\\\/\\\/ledsolintel.com\\\/wp-content\\\/uploads\\\/2024\\\/11\\\/webmenaje-logo-1508269066.jpg\",\"width\":370,\"height\":90,\"caption\":\"Solintel Noroeste, S.L.\"},\"image\":{\"@id\":\"https:\\\/\\\/ledsolintel.com\\\/#\\\/schema\\\/logo\\\/image\\\/\"},\"sameAs\":[\"http:\\\/\\\/www.facebook.com\\\/webmenaje\",\"https:\\\/\\\/x.com\\\/webmenaje\",\"https:\\\/\\\/www.youtube.com\\\/channel\\\/UCX2KoVoeCG4LocZjUc6LmSQ\",\"http:\\\/\\\/www.pinterest.com\\\/webmenaje\"]}]}<\/script>\n<!-- \/ Yoast SEO plugin. -->","yoast_head_json":{"title":"Lampe de table LE VITA par Faro Barcelona","description":"L\u00e1mpara de mesa Le Vita de Faro Barcelona. Delicado dise\u00f1o de Nathrang que combina las l\u00edneas y las esferas en tonos blancos y dorados. Luz c\u00e1lida con difusor","robots":{"index":"index","follow":"follow","max-snippet":"max-snippet:-1","max-image-preview":"max-image-preview:large","max-video-preview":"max-video-preview:-1"},"canonical":"https:\/\/ledsolintel.com\/fr\/produit-2\/lampara-de-sobremesa-le-vita-de-faro-barcelona\/","og_locale":"fr_FR","og_type":"article","og_title":"L\u00e1mpara de sobremesa LE VITA de Faro Barcelona","og_description":"L\u00e1mpara de mesa Le Vita de Faro Barcelona. Delicado dise\u00f1o de Nathrang que combina las l\u00edneas y las esferas en tonos blancos y dorados. Luz c\u00e1lida con difusor","og_url":"https:\/\/ledsolintel.com\/fr\/produit-2\/lampara-de-sobremesa-le-vita-de-faro-barcelona\/","og_site_name":"Ledsolintel","article_publisher":"http:\/\/www.facebook.com\/webmenaje","og_image":[{"url":"https:\/\/ledsolintel.com\/wp-content\/uploads\/2019\/02\/9266-Lampara-de-sobremesa-LE-VITA-de-Faro-Barcelona.jpg","width":1,"height":1,"type":"image\/jpeg"}],"twitter_card":"summary_large_image","twitter_site":"@webmenaje","schema":{"@context":"https:\/\/schema.org","@graph":[{"@type":"WebPage","@id":"https:\/\/ledsolintel.com\/fr\/product\/lampara-de-sobremesa-le-vita-de-faro-barcelona\/","url":"https:\/\/ledsolintel.com\/fr\/product\/lampara-de-sobremesa-le-vita-de-faro-barcelona\/","name":"Lampe de table LE VITA par Faro Barcelona","isPartOf":{"@id":"https:\/\/ledsolintel.com\/#website"},"primaryImageOfPage":{"@id":"https:\/\/ledsolintel.com\/fr\/product\/lampara-de-sobremesa-le-vita-de-faro-barcelona\/#primaryimage"},"image":{"@id":"https:\/\/ledsolintel.com\/fr\/product\/lampara-de-sobremesa-le-vita-de-faro-barcelona\/#primaryimage"},"thumbnailUrl":"https:\/\/ledsolintel.com\/wp-content\/uploads\/2019\/02\/9266-Lampara-de-sobremesa-LE-VITA-de-Faro-Barcelona.jpg","datePublished":"2019-02-14T16:33:02+00:00","description":"L\u00e1mpara de mesa Le Vita de Faro Barcelona. Delicado dise\u00f1o de Nathrang que combina las l\u00edneas y las esferas en tonos blancos y dorados. Luz c\u00e1lida con difusor","breadcrumb":{"@id":"https:\/\/ledsolintel.com\/fr\/product\/lampara-de-sobremesa-le-vita-de-faro-barcelona\/#breadcrumb"},"inLanguage":"fr-FR","potentialAction":[{"@type":"ReadAction","target":["https:\/\/ledsolintel.com\/fr\/product\/lampara-de-sobremesa-le-vita-de-faro-barcelona\/"]}]},{"@type":"ImageObject","inLanguage":"fr-FR","@id":"https:\/\/ledsolintel.com\/fr\/product\/lampara-de-sobremesa-le-vita-de-faro-barcelona\/#primaryimage","url":"https:\/\/ledsolintel.com\/wp-content\/uploads\/2019\/02\/9266-Lampara-de-sobremesa-LE-VITA-de-Faro-Barcelona.jpg","contentUrl":"https:\/\/ledsolintel.com\/wp-content\/uploads\/2019\/02\/9266-Lampara-de-sobremesa-LE-VITA-de-Faro-Barcelona.jpg","caption":"L\u00e1mpara de sobremesa LE VITA de Faro Barcelona"},{"@type":"BreadcrumbList","@id":"https:\/\/ledsolintel.com\/fr\/product\/lampara-de-sobremesa-le-vita-de-faro-barcelona\/#breadcrumb","itemListElement":[{"@type":"ListItem","position":1,"name":"Portada","item":"https:\/\/ledsolintel.com\/fr\/"},{"@type":"ListItem","position":2,"name":"Tienda","item":"https:\/\/ledsolintel.com\/tienda\/"},{"@type":"ListItem","position":3,"name":"L\u00e1mpara de sobremesa LE VITA de Faro Barcelona"}]},{"@type":"WebSite","@id":"https:\/\/ledsolintel.com\/#website","url":"https:\/\/ledsolintel.com\/","name":"Webmenaje","description":"Magasin d'ampoules et de lampes LED pour les professionnels","publisher":{"@id":"https:\/\/ledsolintel.com\/#organization"},"potentialAction":[{"@type":"SearchAction","target":{"@type":"EntryPoint","urlTemplate":"https:\/\/ledsolintel.com\/?s={search_term_string}"},"query-input":{"@type":"PropertyValueSpecification","valueRequired":true,"valueName":"search_term_string"}}],"inLanguage":"fr-FR"},{"@type":"Organization","@id":"https:\/\/ledsolintel.com\/#organization","name":"Solintel Noroeste, S.L.","url":"https:\/\/ledsolintel.com\/","logo":{"@type":"ImageObject","inLanguage":"fr-FR","@id":"https:\/\/ledsolintel.com\/#\/schema\/logo\/image\/","url":"https:\/\/ledsolintel.com\/wp-content\/uploads\/2024\/11\/webmenaje-logo-1508269066.jpg","contentUrl":"https:\/\/ledsolintel.com\/wp-content\/uploads\/2024\/11\/webmenaje-logo-1508269066.jpg","width":370,"height":90,"caption":"Solintel Noroeste, S.L."},"image":{"@id":"https:\/\/ledsolintel.com\/#\/schema\/logo\/image\/"},"sameAs":["http:\/\/www.facebook.com\/webmenaje","https:\/\/x.com\/webmenaje","https:\/\/www.youtube.com\/channel\/UCX2KoVoeCG4LocZjUc6LmSQ","http:\/\/www.pinterest.com\/webmenaje"]}]}},"_links":{"self":[{"href":"https:\/\/ledsolintel.com\/fr\/wp-json\/wp\/v2\/product\/242406","targetHints":{"allow":["GET"]}}],"collection":[{"href":"https:\/\/ledsolintel.com\/fr\/wp-json\/wp\/v2\/product"}],"about":[{"href":"https:\/\/ledsolintel.com\/fr\/wp-json\/wp\/v2\/types\/product"}],"version-history":[{"count":0,"href":"https:\/\/ledsolintel.com\/fr\/wp-json\/wp\/v2\/product\/242406\/revisions"}],"wp:featuredmedia":[{"embeddable":true,"href":"https:\/\/ledsolintel.com\/fr\/wp-json\/wp\/v2\/media\/242402"}],"wp:attachment":[{"href":"https:\/\/ledsolintel.com\/fr\/wp-json\/wp\/v2\/media?parent=242406"}],"wp:term":[{"taxonomy":"product_brand","embeddable":true,"href":"https:\/\/ledsolintel.com\/fr\/wp-json\/wp\/v2\/product_brand?post=242406"},{"taxonomy":"product_cat","embeddable":true,"href":"https:\/\/ledsolintel.com\/fr\/wp-json\/wp\/v2\/product_cat?post=242406"},{"taxonomy":"product_tag","embeddable":true,"href":"https:\/\/ledsolintel.com\/fr\/wp-json\/wp\/v2\/product_tag?post=242406"}],"curies":[{"name":"wp","href":"https:\/\/api.w.org\/{rel}","templated":true}]}}