{"id":241196,"date":"2017-03-18T21:12:26","date_gmt":"2017-03-18T20:12:26","guid":{"rendered":"https:\/\/nueva.ledsolintel.com\/product\/lampara-de-sobremesa-retro-de-faro\/"},"modified":"2026-02-17T22:05:05","modified_gmt":"2026-02-17T21:05:05","slug":"lampara-de-sobremesa-retro-de-faro","status":"publish","type":"product","link":"https:\/\/ledsolintel.com\/fr\/produit-2\/lampara-de-sobremesa-retro-de-faro\/","title":{"rendered":"Lampe de table RETRO de Faro Barcelona"},"content":{"rendered":"<h3>Caract\u00e9ristiques :<\/h3>\n<ul>\n<li>En m\u00e9tal.<\/li>\n<li>Couleur :\n<ul>\n<li>Rouge<\/li>\n<li>Beige<\/li>\n<li>Vert<\/li>\n<\/ul>\n<\/li>\n<li>Puissance : 20W<\/li>\n<li>Connexion : E14<\/li>\n<li>Tension : 100-240V<\/li>\n<li>Dimensions (mm) :\n<ul>\n<li>Largeur : 115<\/li>\n<li>Longueur : 280<\/li>\n<li>Hauteur : 490<\/li>\n<li>Diam\u00e8tre : 115<\/li>\n<\/ul>\n<\/li>\n<li>Poids : 2 kg<\/li>\n<\/ul>\n<h4>Remarque : les ampoules ne sont pas incluses. Toutes les ampoules \u00e0 connexion E14 jusqu'\u00e0 un maximum de 20W sont valables. Nous vous recommandons de vous tourner vers des fabricants tels que Roblan ou Beneito Faure, dont vous trouverez les produits sur ce site.<\/h4>","protected":false},"excerpt":{"rendered":"<p>Con\u00e7ue par Alex &amp; Manel Llusc\u00e0, la s\u00e9rie RETRO est inspir\u00e9e des ann\u00e9es 60 et r\u00e9alis\u00e9e en m\u00e9tal, pour donner un air vintage aux salons et aux chambres \u00e0 coucher. Disponible en trois couleurs.<\/p>","protected":false},"featured_media":241193,"template":"","meta":[],"product_brand":[99359],"product_cat":[99649],"product_tag":[],"class_list":{"0":"post-241196","1":"product","2":"type-product","3":"status-publish","4":"has-post-thumbnail","6":"product_brand-faro-barcelona","7":"product_cat-lamparas-de-mesa-y-flexos","8":"pa_acabado-beige","9":"pa_acabado-rojo","12":"instock","13":"sale","14":"taxable","15":"shipping-taxable","16":"purchasable","17":"product-type-variable","18":"has-default-attributes"},"yoast_head":"<!-- This site is optimized with the Yoast SEO plugin v27.4 - https:\/\/yoast.com\/product\/yoast-seo-wordpress\/ -->\n<title>L\u00e1mpara de sobremesa RETRO de Faro Barcelona<\/title>\n<meta name=\"description\" content=\"Dise\u00f1ada por Alex &amp; Manel Llusc\u00e0, la serie RETRO est\u00e1 inspirada en los a\u00f1os 60 y fabricada en metal, para dar un aire vintage a mesas en salones y dormitorios.\" \/>\n<meta name=\"robots\" content=\"index, follow, max-snippet:-1, max-image-preview:large, max-video-preview:-1\" \/>\n<link rel=\"canonical\" href=\"https:\/\/ledsolintel.com\/fr\/produit-2\/lampara-de-sobremesa-retro-de-faro\/\" \/>\n<meta property=\"og:locale\" content=\"fr_FR\" \/>\n<meta property=\"og:type\" content=\"article\" \/>\n<meta property=\"og:title\" content=\"L\u00e1mpara de sobremesa RETRO de Faro Barcelona\" \/>\n<meta property=\"og:description\" content=\"Dise\u00f1ada por Alex &amp; Manel Llusc\u00e0, la serie RETRO est\u00e1 inspirada en los a\u00f1os 60 y fabricada en metal, para dar un aire vintage a mesas en salones y dormitorios.\" \/>\n<meta property=\"og:url\" content=\"https:\/\/ledsolintel.com\/fr\/produit-2\/lampara-de-sobremesa-retro-de-faro\/\" \/>\n<meta property=\"og:site_name\" content=\"Ledsolintel\" \/>\n<meta property=\"article:publisher\" content=\"http:\/\/www.facebook.com\/webmenaje\" \/>\n<meta property=\"article:modified_time\" content=\"2026-02-17T21:05:05+00:00\" \/>\n<meta property=\"og:image\" content=\"https:\/\/ledsolintel.com\/wp-content\/uploads\/2017\/03\/7110-Lampara-de-sobremesa-RETRO-de-Faro.jpg\" \/>\n\t<meta property=\"og:image:width\" content=\"1\" \/>\n\t<meta property=\"og:image:height\" content=\"1\" \/>\n\t<meta property=\"og:image:type\" content=\"image\/jpeg\" \/>\n<meta name=\"twitter:card\" content=\"summary_large_image\" \/>\n<meta name=\"twitter:site\" content=\"@webmenaje\" \/>\n<script type=\"application\/ld+json\" class=\"yoast-schema-graph\">{\"@context\":\"https:\\\/\\\/schema.org\",\"@graph\":[{\"@type\":\"WebPage\",\"@id\":\"https:\\\/\\\/ledsolintel.com\\\/fr\\\/product\\\/lampara-de-sobremesa-retro-de-faro\\\/\",\"url\":\"https:\\\/\\\/ledsolintel.com\\\/fr\\\/product\\\/lampara-de-sobremesa-retro-de-faro\\\/\",\"name\":\"L\u00e1mpara de sobremesa RETRO de Faro Barcelona\",\"isPartOf\":{\"@id\":\"https:\\\/\\\/ledsolintel.com\\\/#website\"},\"primaryImageOfPage\":{\"@id\":\"https:\\\/\\\/ledsolintel.com\\\/fr\\\/product\\\/lampara-de-sobremesa-retro-de-faro\\\/#primaryimage\"},\"image\":{\"@id\":\"https:\\\/\\\/ledsolintel.com\\\/fr\\\/product\\\/lampara-de-sobremesa-retro-de-faro\\\/#primaryimage\"},\"thumbnailUrl\":\"https:\\\/\\\/ledsolintel.com\\\/wp-content\\\/uploads\\\/2017\\\/03\\\/7110-Lampara-de-sobremesa-RETRO-de-Faro.jpg\",\"datePublished\":\"2017-03-18T20:12:26+00:00\",\"dateModified\":\"2026-02-17T21:05:05+00:00\",\"description\":\"Dise\u00f1ada por Alex & Manel Llusc\u00e0, la serie RETRO est\u00e1 inspirada en los a\u00f1os 60 y fabricada en metal, para dar un aire vintage a mesas en salones y dormitorios.\",\"breadcrumb\":{\"@id\":\"https:\\\/\\\/ledsolintel.com\\\/fr\\\/product\\\/lampara-de-sobremesa-retro-de-faro\\\/#breadcrumb\"},\"inLanguage\":\"fr-FR\",\"potentialAction\":[{\"@type\":\"ReadAction\",\"target\":[\"https:\\\/\\\/ledsolintel.com\\\/fr\\\/product\\\/lampara-de-sobremesa-retro-de-faro\\\/\"]}]},{\"@type\":\"ImageObject\",\"inLanguage\":\"fr-FR\",\"@id\":\"https:\\\/\\\/ledsolintel.com\\\/fr\\\/product\\\/lampara-de-sobremesa-retro-de-faro\\\/#primaryimage\",\"url\":\"https:\\\/\\\/ledsolintel.com\\\/wp-content\\\/uploads\\\/2017\\\/03\\\/7110-Lampara-de-sobremesa-RETRO-de-Faro.jpg\",\"contentUrl\":\"https:\\\/\\\/ledsolintel.com\\\/wp-content\\\/uploads\\\/2017\\\/03\\\/7110-Lampara-de-sobremesa-RETRO-de-Faro.jpg\",\"caption\":\"L\u00e1mpara de sobremesa RETRO de Faro\"},{\"@type\":\"BreadcrumbList\",\"@id\":\"https:\\\/\\\/ledsolintel.com\\\/fr\\\/product\\\/lampara-de-sobremesa-retro-de-faro\\\/#breadcrumb\",\"itemListElement\":[{\"@type\":\"ListItem\",\"position\":1,\"name\":\"Portada\",\"item\":\"https:\\\/\\\/ledsolintel.com\\\/fr\\\/\"},{\"@type\":\"ListItem\",\"position\":2,\"name\":\"Tienda\",\"item\":\"https:\\\/\\\/ledsolintel.com\\\/tienda\\\/\"},{\"@type\":\"ListItem\",\"position\":3,\"name\":\"L\u00e1mpara de sobremesa RETRO de Faro Barcelona\"}]},{\"@type\":\"WebSite\",\"@id\":\"https:\\\/\\\/ledsolintel.com\\\/#website\",\"url\":\"https:\\\/\\\/ledsolintel.com\\\/\",\"name\":\"Webmenaje\",\"description\":\"Tienda de bombillas y l\u00e1mparas LED para profesionales\",\"publisher\":{\"@id\":\"https:\\\/\\\/ledsolintel.com\\\/#organization\"},\"potentialAction\":[{\"@type\":\"SearchAction\",\"target\":{\"@type\":\"EntryPoint\",\"urlTemplate\":\"https:\\\/\\\/ledsolintel.com\\\/?s={search_term_string}\"},\"query-input\":{\"@type\":\"PropertyValueSpecification\",\"valueRequired\":true,\"valueName\":\"search_term_string\"}}],\"inLanguage\":\"fr-FR\"},{\"@type\":\"Organization\",\"@id\":\"https:\\\/\\\/ledsolintel.com\\\/#organization\",\"name\":\"Solintel Noroeste, S.L.\",\"url\":\"https:\\\/\\\/ledsolintel.com\\\/\",\"logo\":{\"@type\":\"ImageObject\",\"inLanguage\":\"fr-FR\",\"@id\":\"https:\\\/\\\/ledsolintel.com\\\/#\\\/schema\\\/logo\\\/image\\\/\",\"url\":\"https:\\\/\\\/ledsolintel.com\\\/wp-content\\\/uploads\\\/2024\\\/11\\\/webmenaje-logo-1508269066.jpg\",\"contentUrl\":\"https:\\\/\\\/ledsolintel.com\\\/wp-content\\\/uploads\\\/2024\\\/11\\\/webmenaje-logo-1508269066.jpg\",\"width\":370,\"height\":90,\"caption\":\"Solintel Noroeste, S.L.\"},\"image\":{\"@id\":\"https:\\\/\\\/ledsolintel.com\\\/#\\\/schema\\\/logo\\\/image\\\/\"},\"sameAs\":[\"http:\\\/\\\/www.facebook.com\\\/webmenaje\",\"https:\\\/\\\/x.com\\\/webmenaje\",\"https:\\\/\\\/www.youtube.com\\\/channel\\\/UCX2KoVoeCG4LocZjUc6LmSQ\",\"http:\\\/\\\/www.pinterest.com\\\/webmenaje\"]}]}<\/script>\n<!-- \/ Yoast SEO plugin. -->","yoast_head_json":{"title":"Lampe de table RETRO de Faro Barcelona","description":"Dise\u00f1ada por Alex & Manel Llusc\u00e0, la serie RETRO est\u00e1 inspirada en los a\u00f1os 60 y fabricada en metal, para dar un aire vintage a mesas en salones y dormitorios.","robots":{"index":"index","follow":"follow","max-snippet":"max-snippet:-1","max-image-preview":"max-image-preview:large","max-video-preview":"max-video-preview:-1"},"canonical":"https:\/\/ledsolintel.com\/fr\/produit-2\/lampara-de-sobremesa-retro-de-faro\/","og_locale":"fr_FR","og_type":"article","og_title":"L\u00e1mpara de sobremesa RETRO de Faro Barcelona","og_description":"Dise\u00f1ada por Alex & Manel Llusc\u00e0, la serie RETRO est\u00e1 inspirada en los a\u00f1os 60 y fabricada en metal, para dar un aire vintage a mesas en salones y dormitorios.","og_url":"https:\/\/ledsolintel.com\/fr\/produit-2\/lampara-de-sobremesa-retro-de-faro\/","og_site_name":"Ledsolintel","article_publisher":"http:\/\/www.facebook.com\/webmenaje","article_modified_time":"2026-02-17T21:05:05+00:00","og_image":[{"url":"https:\/\/ledsolintel.com\/wp-content\/uploads\/2017\/03\/7110-Lampara-de-sobremesa-RETRO-de-Faro.jpg","width":1,"height":1,"type":"image\/jpeg"}],"twitter_card":"summary_large_image","twitter_site":"@webmenaje","schema":{"@context":"https:\/\/schema.org","@graph":[{"@type":"WebPage","@id":"https:\/\/ledsolintel.com\/fr\/product\/lampara-de-sobremesa-retro-de-faro\/","url":"https:\/\/ledsolintel.com\/fr\/product\/lampara-de-sobremesa-retro-de-faro\/","name":"Lampe de table RETRO de Faro Barcelona","isPartOf":{"@id":"https:\/\/ledsolintel.com\/#website"},"primaryImageOfPage":{"@id":"https:\/\/ledsolintel.com\/fr\/product\/lampara-de-sobremesa-retro-de-faro\/#primaryimage"},"image":{"@id":"https:\/\/ledsolintel.com\/fr\/product\/lampara-de-sobremesa-retro-de-faro\/#primaryimage"},"thumbnailUrl":"https:\/\/ledsolintel.com\/wp-content\/uploads\/2017\/03\/7110-Lampara-de-sobremesa-RETRO-de-Faro.jpg","datePublished":"2017-03-18T20:12:26+00:00","dateModified":"2026-02-17T21:05:05+00:00","description":"Dise\u00f1ada por Alex & Manel Llusc\u00e0, la serie RETRO est\u00e1 inspirada en los a\u00f1os 60 y fabricada en metal, para dar un aire vintage a mesas en salones y dormitorios.","breadcrumb":{"@id":"https:\/\/ledsolintel.com\/fr\/product\/lampara-de-sobremesa-retro-de-faro\/#breadcrumb"},"inLanguage":"fr-FR","potentialAction":[{"@type":"ReadAction","target":["https:\/\/ledsolintel.com\/fr\/product\/lampara-de-sobremesa-retro-de-faro\/"]}]},{"@type":"ImageObject","inLanguage":"fr-FR","@id":"https:\/\/ledsolintel.com\/fr\/product\/lampara-de-sobremesa-retro-de-faro\/#primaryimage","url":"https:\/\/ledsolintel.com\/wp-content\/uploads\/2017\/03\/7110-Lampara-de-sobremesa-RETRO-de-Faro.jpg","contentUrl":"https:\/\/ledsolintel.com\/wp-content\/uploads\/2017\/03\/7110-Lampara-de-sobremesa-RETRO-de-Faro.jpg","caption":"L\u00e1mpara de sobremesa RETRO de Faro"},{"@type":"BreadcrumbList","@id":"https:\/\/ledsolintel.com\/fr\/product\/lampara-de-sobremesa-retro-de-faro\/#breadcrumb","itemListElement":[{"@type":"ListItem","position":1,"name":"Portada","item":"https:\/\/ledsolintel.com\/fr\/"},{"@type":"ListItem","position":2,"name":"Tienda","item":"https:\/\/ledsolintel.com\/tienda\/"},{"@type":"ListItem","position":3,"name":"L\u00e1mpara de sobremesa RETRO de Faro Barcelona"}]},{"@type":"WebSite","@id":"https:\/\/ledsolintel.com\/#website","url":"https:\/\/ledsolintel.com\/","name":"Webmenaje","description":"Magasin d'ampoules et de lampes LED pour les professionnels","publisher":{"@id":"https:\/\/ledsolintel.com\/#organization"},"potentialAction":[{"@type":"SearchAction","target":{"@type":"EntryPoint","urlTemplate":"https:\/\/ledsolintel.com\/?s={search_term_string}"},"query-input":{"@type":"PropertyValueSpecification","valueRequired":true,"valueName":"search_term_string"}}],"inLanguage":"fr-FR"},{"@type":"Organization","@id":"https:\/\/ledsolintel.com\/#organization","name":"Solintel Noroeste, S.L.","url":"https:\/\/ledsolintel.com\/","logo":{"@type":"ImageObject","inLanguage":"fr-FR","@id":"https:\/\/ledsolintel.com\/#\/schema\/logo\/image\/","url":"https:\/\/ledsolintel.com\/wp-content\/uploads\/2024\/11\/webmenaje-logo-1508269066.jpg","contentUrl":"https:\/\/ledsolintel.com\/wp-content\/uploads\/2024\/11\/webmenaje-logo-1508269066.jpg","width":370,"height":90,"caption":"Solintel Noroeste, S.L."},"image":{"@id":"https:\/\/ledsolintel.com\/#\/schema\/logo\/image\/"},"sameAs":["http:\/\/www.facebook.com\/webmenaje","https:\/\/x.com\/webmenaje","https:\/\/www.youtube.com\/channel\/UCX2KoVoeCG4LocZjUc6LmSQ","http:\/\/www.pinterest.com\/webmenaje"]}]}},"_links":{"self":[{"href":"https:\/\/ledsolintel.com\/fr\/wp-json\/wp\/v2\/product\/241196","targetHints":{"allow":["GET"]}}],"collection":[{"href":"https:\/\/ledsolintel.com\/fr\/wp-json\/wp\/v2\/product"}],"about":[{"href":"https:\/\/ledsolintel.com\/fr\/wp-json\/wp\/v2\/types\/product"}],"version-history":[{"count":0,"href":"https:\/\/ledsolintel.com\/fr\/wp-json\/wp\/v2\/product\/241196\/revisions"}],"wp:featuredmedia":[{"embeddable":true,"href":"https:\/\/ledsolintel.com\/fr\/wp-json\/wp\/v2\/media\/241193"}],"wp:attachment":[{"href":"https:\/\/ledsolintel.com\/fr\/wp-json\/wp\/v2\/media?parent=241196"}],"wp:term":[{"taxonomy":"product_brand","embeddable":true,"href":"https:\/\/ledsolintel.com\/fr\/wp-json\/wp\/v2\/product_brand?post=241196"},{"taxonomy":"product_cat","embeddable":true,"href":"https:\/\/ledsolintel.com\/fr\/wp-json\/wp\/v2\/product_cat?post=241196"},{"taxonomy":"product_tag","embeddable":true,"href":"https:\/\/ledsolintel.com\/fr\/wp-json\/wp\/v2\/product_tag?post=241196"}],"curies":[{"name":"wp","href":"https:\/\/api.w.org\/{rel}","templated":true}]}}