{"id":241105,"date":"2017-01-31T03:46:26","date_gmt":"2017-01-31T02:46:26","guid":{"rendered":"https:\/\/nueva.ledsolintel.com\/product\/ventilador-con-luz-mini-icaria-de-faro\/"},"modified":"2017-01-31T03:46:26","modified_gmt":"2017-01-31T02:46:26","slug":"ventilateur-avec-mini-phare","status":"publish","type":"product","link":"https:\/\/ledsolintel.com\/fr\/produit-2\/ventilateur-avec-mini-phare\/","title":{"rendered":"Ventilateur MINI ICARIA avec lumi\u00e8re par Faro Barcelona"},"content":{"rendered":"<h3>Caract\u00e9ristiques :<\/h3>\n<p>Ventilateur :<\/p>\n<ul>\n<li>Fabriqu\u00e9 en acier, contreplaqu\u00e9 et verre opale.<\/li>\n<li>4 lames<\/li>\n<li>Diam\u00e8tre : 1,07 m<\/li>\n<li>Couleurs :\n<ul>\n<li>Blanc \/ lames blanches<\/li>\n<li>Lames en nickel mat \/ gris et \u00e9rable (r\u00e9versible)\u00a0<\/li>\n<\/ul>\n<\/li>\n<li>RPM : 132 \u00e0 205 (3 vitesses)<\/li>\n<li>Puissance : 15 \u00e0 41W<\/li>\n<li>Tension : 220-240V<\/li>\n<li>Poids : 5,2 kg<\/li>\n<\/ul>\n<p>\u00a0<\/p>\n<p>Lampe :<\/p>\n<ul>\n<li>2 ampoules E14 connexion jusqu'\u00e0 20W<\/li>\n<\/ul>\n<p>\u00a0<\/p>\n<h4>Remarque : les ampoules ne sont pas incluses. Toute ampoule LED avec une connexion E14 jusqu'\u00e0 un maximum de 20W est valable. Nous recommandons des fabricants tels que Roblan ou Beneito Faure, dont les produits sont disponibles sur ce site.<\/h4>","protected":false},"excerpt":{"rendered":"<p>Le ventilateur MINI ICARIA avec lumi\u00e8re a 4 pales et un design tr\u00e8s simple. C'est un choix \u00e9conomique pour la ventilation et l'\u00e9clairage des pi\u00e8ces de taille moyenne d\u00e9cor\u00e9es dans des tons clairs. Il est disponible en deux versions : avec un corps et des pales blancs ou avec un corps en aluminium et des pales r\u00e9versibles de couleur grise ou \u00e9rable, ce qui vous permet de multiplier les possibilit\u00e9s de combinaison.<\/p>","protected":false},"featured_media":241102,"template":"","meta":[],"product_brand":[99359],"product_cat":[99587,99645],"product_tag":[],"class_list":{"0":"post-241105","1":"product","2":"type-product","3":"status-publish","4":"has-post-thumbnail","6":"product_brand-faro-barcelona","7":"product_cat-ventiladores","8":"product_cat-ventiladores-pequenos","9":"pa_acabado-niquelmate","10":"pa_acabado-oroviejo","13":"instock","14":"taxable","15":"shipping-taxable","16":"purchasable","17":"product-type-variable","18":"has-default-attributes"},"yoast_head":"<!-- This site is optimized with the Yoast SEO plugin v27.4 - https:\/\/yoast.com\/product\/yoast-seo-wordpress\/ -->\n<title>Ventilador con luz MINI ICARIA de Faro Barcelona<\/title>\n<meta name=\"description\" content=\"El ventilador con luz MINI ICARIA tiene 4 palas y un dise\u00f1o muy sencillo, y resulta una opci\u00f3n econ\u00f3mica para habitaciones de tama\u00f1o medio con tonos claros\" \/>\n<meta name=\"robots\" content=\"index, follow, max-snippet:-1, max-image-preview:large, max-video-preview:-1\" \/>\n<link rel=\"canonical\" href=\"https:\/\/ledsolintel.com\/fr\/produit-2\/ventilateur-avec-mini-phare\/\" \/>\n<meta property=\"og:locale\" content=\"fr_FR\" \/>\n<meta property=\"og:type\" content=\"article\" \/>\n<meta property=\"og:title\" content=\"Ventilador con luz MINI ICARIA de Faro Barcelona\" \/>\n<meta property=\"og:description\" content=\"El ventilador con luz MINI ICARIA tiene 4 palas y un dise\u00f1o muy sencillo, y resulta una opci\u00f3n econ\u00f3mica para habitaciones de tama\u00f1o medio con tonos claros\" \/>\n<meta property=\"og:url\" content=\"https:\/\/ledsolintel.com\/fr\/produit-2\/ventilateur-avec-mini-phare\/\" \/>\n<meta property=\"og:site_name\" content=\"Ledsolintel\" \/>\n<meta property=\"article:publisher\" content=\"http:\/\/www.facebook.com\/webmenaje\" \/>\n<meta property=\"og:image\" content=\"https:\/\/ledsolintel.com\/wp-content\/uploads\/2017\/01\/31433-Ventilador-con-luz-MINI-ICARIA-de-Faro-Barcelona.jpg\" \/>\n\t<meta property=\"og:image:width\" content=\"1\" \/>\n\t<meta property=\"og:image:height\" content=\"1\" \/>\n\t<meta property=\"og:image:type\" content=\"image\/jpeg\" \/>\n<meta name=\"twitter:card\" content=\"summary_large_image\" \/>\n<meta name=\"twitter:site\" content=\"@webmenaje\" \/>\n<script type=\"application\/ld+json\" class=\"yoast-schema-graph\">{\"@context\":\"https:\\\/\\\/schema.org\",\"@graph\":[{\"@type\":\"WebPage\",\"@id\":\"https:\\\/\\\/ledsolintel.com\\\/product\\\/ventilador-con-luz-mini-icaria-de-faro\\\/\",\"url\":\"https:\\\/\\\/ledsolintel.com\\\/product\\\/ventilador-con-luz-mini-icaria-de-faro\\\/\",\"name\":\"Ventilador con luz MINI ICARIA de Faro Barcelona\",\"isPartOf\":{\"@id\":\"https:\\\/\\\/ledsolintel.com\\\/#website\"},\"primaryImageOfPage\":{\"@id\":\"https:\\\/\\\/ledsolintel.com\\\/product\\\/ventilador-con-luz-mini-icaria-de-faro\\\/#primaryimage\"},\"image\":{\"@id\":\"https:\\\/\\\/ledsolintel.com\\\/product\\\/ventilador-con-luz-mini-icaria-de-faro\\\/#primaryimage\"},\"thumbnailUrl\":\"https:\\\/\\\/ledsolintel.com\\\/wp-content\\\/uploads\\\/2017\\\/01\\\/31433-Ventilador-con-luz-MINI-ICARIA-de-Faro-Barcelona.jpg\",\"datePublished\":\"2017-01-31T02:46:26+00:00\",\"description\":\"El ventilador con luz MINI ICARIA tiene 4 palas y un dise\u00f1o muy sencillo, y resulta una opci\u00f3n econ\u00f3mica para habitaciones de tama\u00f1o medio con tonos claros\",\"breadcrumb\":{\"@id\":\"https:\\\/\\\/ledsolintel.com\\\/product\\\/ventilador-con-luz-mini-icaria-de-faro\\\/#breadcrumb\"},\"inLanguage\":\"fr-FR\",\"potentialAction\":[{\"@type\":\"ReadAction\",\"target\":[\"https:\\\/\\\/ledsolintel.com\\\/product\\\/ventilador-con-luz-mini-icaria-de-faro\\\/\"]}]},{\"@type\":\"ImageObject\",\"inLanguage\":\"fr-FR\",\"@id\":\"https:\\\/\\\/ledsolintel.com\\\/product\\\/ventilador-con-luz-mini-icaria-de-faro\\\/#primaryimage\",\"url\":\"https:\\\/\\\/ledsolintel.com\\\/wp-content\\\/uploads\\\/2017\\\/01\\\/31433-Ventilador-con-luz-MINI-ICARIA-de-Faro-Barcelona.jpg\",\"contentUrl\":\"https:\\\/\\\/ledsolintel.com\\\/wp-content\\\/uploads\\\/2017\\\/01\\\/31433-Ventilador-con-luz-MINI-ICARIA-de-Faro-Barcelona.jpg\",\"caption\":\"Ventilador con luz MINI ICARIA de Faro Barcelona\"},{\"@type\":\"BreadcrumbList\",\"@id\":\"https:\\\/\\\/ledsolintel.com\\\/product\\\/ventilador-con-luz-mini-icaria-de-faro\\\/#breadcrumb\",\"itemListElement\":[{\"@type\":\"ListItem\",\"position\":1,\"name\":\"Portada\",\"item\":\"https:\\\/\\\/ledsolintel.com\\\/fr\\\/\"},{\"@type\":\"ListItem\",\"position\":2,\"name\":\"Tienda\",\"item\":\"https:\\\/\\\/ledsolintel.com\\\/tienda\\\/\"},{\"@type\":\"ListItem\",\"position\":3,\"name\":\"Ventilador con luz MINI ICARIA de Faro Barcelona\"}]},{\"@type\":\"WebSite\",\"@id\":\"https:\\\/\\\/ledsolintel.com\\\/#website\",\"url\":\"https:\\\/\\\/ledsolintel.com\\\/\",\"name\":\"Webmenaje\",\"description\":\"Tienda de bombillas y l\u00e1mparas LED para profesionales\",\"publisher\":{\"@id\":\"https:\\\/\\\/ledsolintel.com\\\/#organization\"},\"potentialAction\":[{\"@type\":\"SearchAction\",\"target\":{\"@type\":\"EntryPoint\",\"urlTemplate\":\"https:\\\/\\\/ledsolintel.com\\\/?s={search_term_string}\"},\"query-input\":{\"@type\":\"PropertyValueSpecification\",\"valueRequired\":true,\"valueName\":\"search_term_string\"}}],\"inLanguage\":\"fr-FR\"},{\"@type\":\"Organization\",\"@id\":\"https:\\\/\\\/ledsolintel.com\\\/#organization\",\"name\":\"Solintel Noroeste, S.L.\",\"url\":\"https:\\\/\\\/ledsolintel.com\\\/\",\"logo\":{\"@type\":\"ImageObject\",\"inLanguage\":\"fr-FR\",\"@id\":\"https:\\\/\\\/ledsolintel.com\\\/#\\\/schema\\\/logo\\\/image\\\/\",\"url\":\"https:\\\/\\\/ledsolintel.com\\\/wp-content\\\/uploads\\\/2024\\\/11\\\/webmenaje-logo-1508269066.jpg\",\"contentUrl\":\"https:\\\/\\\/ledsolintel.com\\\/wp-content\\\/uploads\\\/2024\\\/11\\\/webmenaje-logo-1508269066.jpg\",\"width\":370,\"height\":90,\"caption\":\"Solintel Noroeste, S.L.\"},\"image\":{\"@id\":\"https:\\\/\\\/ledsolintel.com\\\/#\\\/schema\\\/logo\\\/image\\\/\"},\"sameAs\":[\"http:\\\/\\\/www.facebook.com\\\/webmenaje\",\"https:\\\/\\\/x.com\\\/webmenaje\",\"https:\\\/\\\/www.youtube.com\\\/channel\\\/UCX2KoVoeCG4LocZjUc6LmSQ\",\"http:\\\/\\\/www.pinterest.com\\\/webmenaje\"]}]}<\/script>\n<!-- \/ Yoast SEO plugin. -->","yoast_head_json":{"title":"Ventilateur MINI ICARIA avec lumi\u00e8re par Faro Barcelona","description":"Le ventilateur MINI ICARIA avec lumi\u00e8re a 4 pales et un design tr\u00e8s simple. C'est un choix \u00e9conomique pour les pi\u00e8ces de taille moyenne avec des tons clairs.","robots":{"index":"index","follow":"follow","max-snippet":"max-snippet:-1","max-image-preview":"max-image-preview:large","max-video-preview":"max-video-preview:-1"},"canonical":"https:\/\/ledsolintel.com\/fr\/produit-2\/ventilateur-avec-mini-phare\/","og_locale":"fr_FR","og_type":"article","og_title":"Ventilador con luz MINI ICARIA de Faro Barcelona","og_description":"El ventilador con luz MINI ICARIA tiene 4 palas y un dise\u00f1o muy sencillo, y resulta una opci\u00f3n econ\u00f3mica para habitaciones de tama\u00f1o medio con tonos claros","og_url":"https:\/\/ledsolintel.com\/fr\/produit-2\/ventilateur-avec-mini-phare\/","og_site_name":"Ledsolintel","article_publisher":"http:\/\/www.facebook.com\/webmenaje","og_image":[{"url":"https:\/\/ledsolintel.com\/wp-content\/uploads\/2017\/01\/31433-Ventilador-con-luz-MINI-ICARIA-de-Faro-Barcelona.jpg","width":1,"height":1,"type":"image\/jpeg"}],"twitter_card":"summary_large_image","twitter_site":"@webmenaje","schema":{"@context":"https:\/\/schema.org","@graph":[{"@type":"WebPage","@id":"https:\/\/ledsolintel.com\/product\/ventilador-con-luz-mini-icaria-de-faro\/","url":"https:\/\/ledsolintel.com\/product\/ventilador-con-luz-mini-icaria-de-faro\/","name":"Ventilateur MINI ICARIA avec lumi\u00e8re par Faro Barcelona","isPartOf":{"@id":"https:\/\/ledsolintel.com\/#website"},"primaryImageOfPage":{"@id":"https:\/\/ledsolintel.com\/product\/ventilador-con-luz-mini-icaria-de-faro\/#primaryimage"},"image":{"@id":"https:\/\/ledsolintel.com\/product\/ventilador-con-luz-mini-icaria-de-faro\/#primaryimage"},"thumbnailUrl":"https:\/\/ledsolintel.com\/wp-content\/uploads\/2017\/01\/31433-Ventilador-con-luz-MINI-ICARIA-de-Faro-Barcelona.jpg","datePublished":"2017-01-31T02:46:26+00:00","description":"Le ventilateur MINI ICARIA avec lumi\u00e8re a 4 pales et un design tr\u00e8s simple. C'est un choix \u00e9conomique pour les pi\u00e8ces de taille moyenne avec des tons clairs.","breadcrumb":{"@id":"https:\/\/ledsolintel.com\/product\/ventilador-con-luz-mini-icaria-de-faro\/#breadcrumb"},"inLanguage":"fr-FR","potentialAction":[{"@type":"ReadAction","target":["https:\/\/ledsolintel.com\/product\/ventilador-con-luz-mini-icaria-de-faro\/"]}]},{"@type":"ImageObject","inLanguage":"fr-FR","@id":"https:\/\/ledsolintel.com\/product\/ventilador-con-luz-mini-icaria-de-faro\/#primaryimage","url":"https:\/\/ledsolintel.com\/wp-content\/uploads\/2017\/01\/31433-Ventilador-con-luz-MINI-ICARIA-de-Faro-Barcelona.jpg","contentUrl":"https:\/\/ledsolintel.com\/wp-content\/uploads\/2017\/01\/31433-Ventilador-con-luz-MINI-ICARIA-de-Faro-Barcelona.jpg","caption":"Ventilador con luz MINI ICARIA de Faro Barcelona"},{"@type":"BreadcrumbList","@id":"https:\/\/ledsolintel.com\/product\/ventilador-con-luz-mini-icaria-de-faro\/#breadcrumb","itemListElement":[{"@type":"ListItem","position":1,"name":"Portada","item":"https:\/\/ledsolintel.com\/fr\/"},{"@type":"ListItem","position":2,"name":"Tienda","item":"https:\/\/ledsolintel.com\/tienda\/"},{"@type":"ListItem","position":3,"name":"Ventilador con luz MINI ICARIA de Faro Barcelona"}]},{"@type":"WebSite","@id":"https:\/\/ledsolintel.com\/#website","url":"https:\/\/ledsolintel.com\/","name":"Webmenaje","description":"Magasin d'ampoules et de lampes LED pour les professionnels","publisher":{"@id":"https:\/\/ledsolintel.com\/#organization"},"potentialAction":[{"@type":"SearchAction","target":{"@type":"EntryPoint","urlTemplate":"https:\/\/ledsolintel.com\/?s={search_term_string}"},"query-input":{"@type":"PropertyValueSpecification","valueRequired":true,"valueName":"search_term_string"}}],"inLanguage":"fr-FR"},{"@type":"Organization","@id":"https:\/\/ledsolintel.com\/#organization","name":"Solintel Noroeste, S.L.","url":"https:\/\/ledsolintel.com\/","logo":{"@type":"ImageObject","inLanguage":"fr-FR","@id":"https:\/\/ledsolintel.com\/#\/schema\/logo\/image\/","url":"https:\/\/ledsolintel.com\/wp-content\/uploads\/2024\/11\/webmenaje-logo-1508269066.jpg","contentUrl":"https:\/\/ledsolintel.com\/wp-content\/uploads\/2024\/11\/webmenaje-logo-1508269066.jpg","width":370,"height":90,"caption":"Solintel Noroeste, S.L."},"image":{"@id":"https:\/\/ledsolintel.com\/#\/schema\/logo\/image\/"},"sameAs":["http:\/\/www.facebook.com\/webmenaje","https:\/\/x.com\/webmenaje","https:\/\/www.youtube.com\/channel\/UCX2KoVoeCG4LocZjUc6LmSQ","http:\/\/www.pinterest.com\/webmenaje"]}]}},"_links":{"self":[{"href":"https:\/\/ledsolintel.com\/fr\/wp-json\/wp\/v2\/product\/241105","targetHints":{"allow":["GET"]}}],"collection":[{"href":"https:\/\/ledsolintel.com\/fr\/wp-json\/wp\/v2\/product"}],"about":[{"href":"https:\/\/ledsolintel.com\/fr\/wp-json\/wp\/v2\/types\/product"}],"version-history":[{"count":0,"href":"https:\/\/ledsolintel.com\/fr\/wp-json\/wp\/v2\/product\/241105\/revisions"}],"wp:featuredmedia":[{"embeddable":true,"href":"https:\/\/ledsolintel.com\/fr\/wp-json\/wp\/v2\/media\/241102"}],"wp:attachment":[{"href":"https:\/\/ledsolintel.com\/fr\/wp-json\/wp\/v2\/media?parent=241105"}],"wp:term":[{"taxonomy":"product_brand","embeddable":true,"href":"https:\/\/ledsolintel.com\/fr\/wp-json\/wp\/v2\/product_brand?post=241105"},{"taxonomy":"product_cat","embeddable":true,"href":"https:\/\/ledsolintel.com\/fr\/wp-json\/wp\/v2\/product_cat?post=241105"},{"taxonomy":"product_tag","embeddable":true,"href":"https:\/\/ledsolintel.com\/fr\/wp-json\/wp\/v2\/product_tag?post=241105"}],"curies":[{"name":"wp","href":"https:\/\/api.w.org\/{rel}","templated":true}]}}